{"version":"1.0","provider_name":"Pol\u00edtica Social - Ajuntament de Vinar\u00f2s","provider_url":"https:\/\/politicasocial.vinaros.es\/es\/","title":"Comen\u00e7a l'execuci\u00f3 de la resid\u00e8ncia municipal - Pol\u00edtica Social - Ajuntament de Vinar\u00f2s","type":"rich","width":600,"height":338,"html":"<blockquote class=\"wp-embedded-content\" data-secret=\"sTE14oyk6l\"><a href=\"https:\/\/politicasocial.vinaros.es\/es\/comenca-lexecucio-de-la-residencia-municipal\/\">Comen\u00e7a l&#8217;execuci\u00f3 de la resid\u00e8ncia municipal<\/a><\/blockquote><iframe sandbox=\"allow-scripts\" security=\"restricted\" src=\"https:\/\/politicasocial.vinaros.es\/es\/comenca-lexecucio-de-la-residencia-municipal\/embed\/#?secret=sTE14oyk6l\" width=\"600\" height=\"338\" title=\"\u00abComen\u00e7a l&#8217;execuci\u00f3 de la resid\u00e8ncia municipal\u00bb \u2014 Pol\u00edtica Social - Ajuntament de Vinar\u00f2s\" data-secret=\"sTE14oyk6l\" frameborder=\"0\" marginwidth=\"0\" marginheight=\"0\" scrolling=\"no\" class=\"wp-embedded-content\"><\/iframe><script type=\"text\/javascript\">\n\/* <![CDATA[ *\/\n\/*! This file is auto-generated *\/\n!function(d,l){\"use strict\";l.querySelector&&d.addEventListener&&\"undefined\"!=typeof URL&&(d.wp=d.wp||{},d.wp.receiveEmbedMessage||(d.wp.receiveEmbedMessage=function(e){var t=e.data;if((t||t.secret||t.message||t.value)&&!\/[^a-zA-Z0-9]\/.test(t.secret)){for(var s,r,n,a=l.querySelectorAll('iframe[data-secret=\"'+t.secret+'\"]'),o=l.querySelectorAll('blockquote[data-secret=\"'+t.secret+'\"]'),c=new RegExp(\"^https?:$\",\"i\"),i=0;i<o.length;i++)o[i].style.display=\"none\";for(i=0;i<a.length;i++)s=a[i],e.source===s.contentWindow&&(s.removeAttribute(\"style\"),\"height\"===t.message?(1e3<(r=parseInt(t.value,10))?r=1e3:~~r<200&&(r=200),s.height=r):\"link\"===t.message&&(r=new URL(s.getAttribute(\"src\")),n=new URL(t.value),c.test(n.protocol))&&n.host===r.host&&l.activeElement===s&&(d.top.location.href=t.value))}},d.addEventListener(\"message\",d.wp.receiveEmbedMessage,!1),l.addEventListener(\"DOMContentLoaded\",function(){for(var e,t,s=l.querySelectorAll(\"iframe.wp-embedded-content\"),r=0;r<s.length;r++)(t=(e=s[r]).getAttribute(\"data-secret\"))||(t=Math.random().toString(36).substring(2,12),e.src+=\"#?secret=\"+t,e.setAttribute(\"data-secret\",t)),e.contentWindow.postMessage({message:\"ready\",secret:t},\"*\")},!1)))}(window,document);\n\/\/# sourceURL=https:\/\/politicasocial.vinaros.es\/wp-includes\/js\/wp-embed.min.js\n\/* ]]> *\/\n<\/script>\n","thumbnail_url":"https:\/\/politicasocial.vinaros.es\/wp-content\/uploads\/2023\/01\/serveis-socials-vinaros-comenca-lexecucio-de-la-residencia-municipal.jpeg","thumbnail_width":1276,"thumbnail_height":957,"description":"El nuevo espacio contar\u00e1 con 145 plazas p\u00fablicas y la creaci\u00f3n de 75 puestos de trabajo, de un complejo que se construir\u00e1 encima del Centro de D\u00eda en un plazo de 18 meses. Esta ma\u00f1ana el alcalde de Vinar\u00f2s, Enric Pla, acompa\u00f1ado por la presidenta de Oleada Cinta Pascual y el arquitecto responsable del proyecto, [&hellip;]"}