{"version":"1.0","provider_name":"Pol\u00edtica Social - Ajuntament de Vinar\u00f2s","provider_url":"https:\/\/politicasocial.vinaros.es\/es\/","title":"Programa de Ayudas Alquiler de Vivienda. Convocatoria 2023 - Pol\u00edtica Social - Ajuntament de Vinar\u00f2s","type":"rich","width":600,"height":338,"html":"<blockquote class=\"wp-embedded-content\" data-secret=\"tcZsEsQTTg\"><a href=\"https:\/\/politicasocial.vinaros.es\/es\/programa-de-ayudas-alquiler-de-vivienda-convocatoria-2023\/\">Programa de Ayudas Alquiler de Vivienda. Convocatoria 2023<\/a><\/blockquote><iframe sandbox=\"allow-scripts\" security=\"restricted\" src=\"https:\/\/politicasocial.vinaros.es\/es\/programa-de-ayudas-alquiler-de-vivienda-convocatoria-2023\/embed\/#?secret=tcZsEsQTTg\" width=\"600\" height=\"338\" title=\"\u00abPrograma de Ayudas Alquiler de Vivienda. Convocatoria 2023\u00bb \u2014 Pol\u00edtica Social - Ajuntament de Vinar\u00f2s\" data-secret=\"tcZsEsQTTg\" frameborder=\"0\" marginwidth=\"0\" marginheight=\"0\" scrolling=\"no\" class=\"wp-embedded-content\"><\/iframe><script type=\"text\/javascript\">\n\/* <![CDATA[ *\/\n\/*! This file is auto-generated *\/\n!function(d,l){\"use strict\";l.querySelector&&d.addEventListener&&\"undefined\"!=typeof URL&&(d.wp=d.wp||{},d.wp.receiveEmbedMessage||(d.wp.receiveEmbedMessage=function(e){var t=e.data;if((t||t.secret||t.message||t.value)&&!\/[^a-zA-Z0-9]\/.test(t.secret)){for(var s,r,n,a=l.querySelectorAll('iframe[data-secret=\"'+t.secret+'\"]'),o=l.querySelectorAll('blockquote[data-secret=\"'+t.secret+'\"]'),c=new RegExp(\"^https?:$\",\"i\"),i=0;i<o.length;i++)o[i].style.display=\"none\";for(i=0;i<a.length;i++)s=a[i],e.source===s.contentWindow&&(s.removeAttribute(\"style\"),\"height\"===t.message?(1e3<(r=parseInt(t.value,10))?r=1e3:~~r<200&&(r=200),s.height=r):\"link\"===t.message&&(r=new URL(s.getAttribute(\"src\")),n=new URL(t.value),c.test(n.protocol))&&n.host===r.host&&l.activeElement===s&&(d.top.location.href=t.value))}},d.addEventListener(\"message\",d.wp.receiveEmbedMessage,!1),l.addEventListener(\"DOMContentLoaded\",function(){for(var e,t,s=l.querySelectorAll(\"iframe.wp-embedded-content\"),r=0;r<s.length;r++)(t=(e=s[r]).getAttribute(\"data-secret\"))||(t=Math.random().toString(36).substring(2,12),e.src+=\"#?secret=\"+t,e.setAttribute(\"data-secret\",t)),e.contentWindow.postMessage({message:\"ready\",secret:t},\"*\")},!1)))}(window,document);\n\/\/# sourceURL=https:\/\/politicasocial.vinaros.es\/wp-includes\/js\/wp-embed.min.js\n\/* ]]> *\/\n<\/script>\n","thumbnail_url":"https:\/\/politicasocial.vinaros.es\/wp-content\/uploads\/2023\/10\/placeholder-gva.jpg","thumbnail_width":1920,"thumbnail_height":1440,"description":"Programa de Ayudas Alquiler de Vivienda. Convocat\u00f2ria 2023 (94040 \/ SIA: 3029249) \u00bfQu\u00e9 es y para qu\u00e9 le sirve? Facilitar el disfrute, acceso y la permanencia en una vivienda o habitaci\u00f3n en r\u00e9gimen de alquiler o de cesi\u00f3n de uso a sectores de poblaci\u00f3n con escasos medios econ\u00f3micos, mediante el otorgamiento de ayudas directas a [&hellip;]"}