{"id":1645,"date":"2023-03-13T11:59:32","date_gmt":"2023-03-13T10:59:32","guid":{"rendered":"https:\/\/politicasocial.vinaros.es\/servicios\/atencion-primaria-basica\/promocion-de-la-autonomia\/sad-municipal\/"},"modified":"2023-03-16T16:19:05","modified_gmt":"2023-03-16T15:19:05","slug":"sad-municipal","status":"publish","type":"page","link":"https:\/\/politicasocial.vinaros.es\/es\/servicios\/atencion-primaria-basica\/promocion-de-la-autonomia\/sad-municipal\/","title":{"rendered":"SAD Municipal"},"content":{"rendered":"\n<h2 class=\"wp-block-heading\">\u00bfQu\u00e9 es?<\/h2>\n\n<p>Es una prestaci\u00f3n profesional, que consiste en una serie de cuidados y atenciones realizadas principalmente en el domicilio y en el entorno social de la persona con la finalidad de atender las necesidades de la vida diaria y prestar apoyo personal de car\u00e1cter polivalente y preventivo, seguimiento y acompa\u00f1amiento para las personas y, en su caso, unidades de convivencia, que presenten dificultades f\u00edsicas, intelectuales, cognitivas, de salud mental o sociales, o se encuentren en situaci\u00f3n de vulnerabilidad.<\/p>\n\n<h2 class=\"wp-block-heading\">Servicios prestados<\/h2>\n\n<ul class=\"wp-block-list\">\n<li><strong>De car\u00e1cter personal:<\/strong> Engloban todas aquellas actividades que se dirigen a la persona usuaria del servicio, cuando esta no puede realizarlas por s\u00ed misma, o cuando precise.<\/li>\n\n\n\n<li><strong>De car\u00e1cter psicosocial y educativo:<\/strong> Se refieren a las intervenciones t\u00e9cnico-profesionales formativas y de apoyo al desarrollo de las capacidades personales, a la afectividad, a la convivencia y a la integraci\u00f3n en la comunidad donde se desarrolle la vida de la persona usuaria, as\u00ed como al apoyo a la estructuraci\u00f3n familiar.<\/li>\n\n\n\n<li><strong>De car\u00e1cter dom\u00e9stico: Se entienden como tales aquellas actividades y tareas que se realicen de forma cotidiana en el hogar, alimentaci\u00f3n, apoyo organizaci\u00f3n domestica, ropa, etc&#8230;<\/strong><\/li>\n<\/ul>\n\n<h2 class=\"wp-block-heading\">\u00bfQui\u00e9n puede acceder?<\/h2>\n\n<p>Podr\u00e1n recibir el SAD, todas aquellas personas y unidades de convivencia con residencia efectiva en el municipio, que necesiten apoyo para el ejercicio de su autonom\u00eda y requieran asistencia para continuar en su entorno habitual. En concreto:<\/p>\n\n<ul class=\"wp-block-list\">\n<li>Personas con dificultades para la realizaci\u00f3n de las actividades b\u00e1sicas de la vida diaria, no reconocidas como personas en situaci\u00f3n de dependencia.<\/li>\n\n\n\n<li>Personas o familias con necesidad de apoyo familiar.<\/li>\n<\/ul>\n\n<h2 class=\"wp-block-heading\">\u00bfC\u00f3mo solicitarlo?<\/h2>\n\n<div class=\"wp-block-group\"><div class=\"wp-block-group__inner-container is-layout-constrained wp-block-group-is-layout-constrained\">\n<p>Para solicitar el servicio se puede realizar en la direcci\u00f3n y tel\u00e9fono indicados a continuaci\u00f3n, en horario de lunes a viernes de 9 a 14h.<br\/><br\/><strong>Concejal\u00eda de Pol\u00edtica Social<\/strong><br\/>Pla\u00e7a Sant Antoni, 19<br\/>12500 Vinar\u00f2s<br\/>Tel: 964450075<\/p>\n<\/div><\/div>\n\n<h2 class=\"wp-block-heading\">Documentaci\u00f3n<\/h2>\n\n<p><strong>Instancia:<\/strong> <a href=\"https:\/\/www.vinaros.es\/sites\/default\/files\/2019-04\/inst%C3%A0ncia%*20general.pdf\">https:\/\/www.vinaros.es\/sites\/default\/files\/2019-04\/inst%C3%A0ncia%*20general.pdf<\/a><\/p>\n\n<p><strong>Solicitud:<\/strong> <a href=\"https:\/\/inclusio.gva.es\/documents\/610727\/161551849\/solicitud%20AYUDAS%20EMERGENCIA%20SOCIAL\/aeea89ae-*bec6-*462c-*a25e-*04407441fa87\">https:\/\/inclusio.gva.es\/documents\/610727\/161551849\/solicitud%20AYUDAS%20EMERGENCIA%20SOCIAL\/aeea89ae-*bec6-*462c-*a25e-*04407441fa87<\/a><\/p>\n\n<p><strong>Documentaci\u00f3n:<\/strong><\/p>\n\n<ul class=\"wp-block-list\">\n<li>DNI, NIE o Pasaporte<\/li>\n\n\n\n<li>Tarjeta SIP del solicitante<\/li>\n\n\n\n<li>Informe de Salud para el reconocimiento de prestaciones sociales<\/li>\n\n\n\n<li>Libro de Familia, en su caso<\/li>\n\n\n\n<li>Certificado de Reconocimiento del grado de discapacidad, en su caso<\/li>\n\n\n\n<li>Declaraci\u00f3n de la Renta del \u00faltimo ejercicio fiscal, en su caso<\/li>\n\n\n\n<li>Justificante de ingresos econ\u00f3micos mensuales de todos los miembros de la unidad familiar<\/li>\n\n\n\n<li>Datos de la cuenta bancaria. (1\u00aa hoja) <\/li>\n<\/ul>\n","protected":false},"excerpt":{"rendered":"<p>\u00bfQu\u00e9 es? Es una prestaci\u00f3n profesional, que consiste en una serie de cuidados y atenciones realizadas principalmente en el domicilio y en el entorno social de la persona con la finalidad de atender las necesidades de la vida diaria y prestar apoyo personal de car\u00e1cter polivalente y preventivo, seguimiento y acompa\u00f1amiento para las personas y, [&hellip;]<\/p>\n","protected":false},"author":1,"featured_media":0,"parent":498,"menu_order":0,"comment_status":"closed","ping_status":"closed","template":"","meta":{"_acf_changed":false,"inline_featured_image":false,"footnotes":""},"class_list":["post-1645","page","type-page","status-publish","hentry"],"acf":[],"yoast_head":"<!-- This site is optimized with the Yoast SEO plugin v27.0 - https:\/\/yoast.com\/product\/yoast-seo-wordpress\/ -->\n<title>SAD Municipal - Pol\u00edtica Social - Ajuntament de Vinar\u00f2s<\/title>\n<meta name=\"robots\" content=\"index, follow, max-snippet:-1, max-image-preview:large, max-video-preview:-1\" \/>\n<link rel=\"canonical\" href=\"https:\/\/politicasocial.vinaros.es\/es\/servicios\/atencion-primaria-basica\/promocion-de-la-autonomia\/sad-municipal\/\" \/>\n<meta property=\"og:locale\" content=\"es_ES\" \/>\n<meta property=\"og:type\" content=\"article\" \/>\n<meta property=\"og:title\" content=\"SAD Municipal - Pol\u00edtica Social - Ajuntament de Vinar\u00f2s\" \/>\n<meta property=\"og:description\" content=\"\u00bfQu\u00e9 es? Es una prestaci\u00f3n profesional, que consiste en una serie de cuidados y atenciones realizadas principalmente en el domicilio y en el entorno social de la persona con la finalidad de atender las necesidades de la vida diaria y prestar apoyo personal de car\u00e1cter polivalente y preventivo, seguimiento y acompa\u00f1amiento para las personas y, [&hellip;]\" \/>\n<meta property=\"og:url\" content=\"https:\/\/politicasocial.vinaros.es\/es\/servicios\/atencion-primaria-basica\/promocion-de-la-autonomia\/sad-municipal\/\" \/>\n<meta property=\"og:site_name\" content=\"Pol\u00edtica Social - Ajuntament de Vinar\u00f2s\" \/>\n<meta property=\"article:modified_time\" content=\"2023-03-16T15:19:05+00:00\" \/>\n<meta name=\"twitter:card\" content=\"summary_large_image\" \/>\n<meta name=\"twitter:label1\" content=\"Tiempo de lectura\" \/>\n\t<meta name=\"twitter:data1\" content=\"2 minutos\" \/>\n<script type=\"application\/ld+json\" class=\"yoast-schema-graph\">{\"@context\":\"https:\/\/schema.org\",\"@graph\":[{\"@type\":\"WebPage\",\"@id\":\"https:\/\/politicasocial.vinaros.es\/es\/servicios\/atencion-primaria-basica\/promocion-de-la-autonomia\/sad-municipal\/\",\"url\":\"https:\/\/politicasocial.vinaros.es\/es\/servicios\/atencion-primaria-basica\/promocion-de-la-autonomia\/sad-municipal\/\",\"name\":\"SAD Municipal - Pol\u00edtica Social - Ajuntament de Vinar\u00f2s\",\"isPartOf\":{\"@id\":\"https:\/\/politicasocial.vinaros.es\/es\/#website\"},\"datePublished\":\"2023-03-13T10:59:32+00:00\",\"dateModified\":\"2023-03-16T15:19:05+00:00\",\"breadcrumb\":{\"@id\":\"https:\/\/politicasocial.vinaros.es\/es\/servicios\/atencion-primaria-basica\/promocion-de-la-autonomia\/sad-municipal\/#breadcrumb\"},\"inLanguage\":\"es\",\"potentialAction\":[{\"@type\":\"ReadAction\",\"target\":[\"https:\/\/politicasocial.vinaros.es\/es\/servicios\/atencion-primaria-basica\/promocion-de-la-autonomia\/sad-municipal\/\"]}]},{\"@type\":\"BreadcrumbList\",\"@id\":\"https:\/\/politicasocial.vinaros.es\/es\/servicios\/atencion-primaria-basica\/promocion-de-la-autonomia\/sad-municipal\/#breadcrumb\",\"itemListElement\":[{\"@type\":\"ListItem\",\"position\":1,\"name\":\"Inicio\",\"item\":\"https:\/\/politicasocial.vinaros.es\/es\/\"},{\"@type\":\"ListItem\",\"position\":2,\"name\":\"Servicios\",\"item\":\"https:\/\/politicasocial.vinaros.es\/es\/serveis\/\"},{\"@type\":\"ListItem\",\"position\":3,\"name\":\"Atenci\u00f3n primaria b\u00e1sica\",\"item\":\"https:\/\/politicasocial.vinaros.es\/es\/serveis\/atencio-primaria-basica\/\"},{\"@type\":\"ListItem\",\"position\":4,\"name\":\"Promoci\u00f3n de la autonom\u00eda\",\"item\":\"https:\/\/politicasocial.vinaros.es\/es\/serveis\/atencio-primaria-basica\/promocio-de-lautonomia\/\"},{\"@type\":\"ListItem\",\"position\":5,\"name\":\"SAD Municipal\"}]},{\"@type\":\"WebSite\",\"@id\":\"https:\/\/politicasocial.vinaros.es\/es\/#website\",\"url\":\"https:\/\/politicasocial.vinaros.es\/es\/\",\"name\":\"Pol\u00edtica Social - Ajuntament de Vinar\u00f2s\",\"description\":\"Regidoria de Pol\u00edtica Social\",\"potentialAction\":[{\"@type\":\"SearchAction\",\"target\":{\"@type\":\"EntryPoint\",\"urlTemplate\":\"https:\/\/politicasocial.vinaros.es\/es\/?s={search_term_string}\"},\"query-input\":{\"@type\":\"PropertyValueSpecification\",\"valueRequired\":true,\"valueName\":\"search_term_string\"}}],\"inLanguage\":\"es\"}]}<\/script>\n<!-- \/ Yoast SEO plugin. -->","yoast_head_json":{"title":"SAD Municipal - Pol\u00edtica Social - Ajuntament de Vinar\u00f2s","robots":{"index":"index","follow":"follow","max-snippet":"max-snippet:-1","max-image-preview":"max-image-preview:large","max-video-preview":"max-video-preview:-1"},"canonical":"https:\/\/politicasocial.vinaros.es\/es\/servicios\/atencion-primaria-basica\/promocion-de-la-autonomia\/sad-municipal\/","og_locale":"es_ES","og_type":"article","og_title":"SAD Municipal - Pol\u00edtica Social - Ajuntament de Vinar\u00f2s","og_description":"\u00bfQu\u00e9 es? Es una prestaci\u00f3n profesional, que consiste en una serie de cuidados y atenciones realizadas principalmente en el domicilio y en el entorno social de la persona con la finalidad de atender las necesidades de la vida diaria y prestar apoyo personal de car\u00e1cter polivalente y preventivo, seguimiento y acompa\u00f1amiento para las personas y, [&hellip;]","og_url":"https:\/\/politicasocial.vinaros.es\/es\/servicios\/atencion-primaria-basica\/promocion-de-la-autonomia\/sad-municipal\/","og_site_name":"Pol\u00edtica Social - Ajuntament de Vinar\u00f2s","article_modified_time":"2023-03-16T15:19:05+00:00","twitter_card":"summary_large_image","twitter_misc":{"Tiempo de lectura":"2 minutos"},"schema":{"@context":"https:\/\/schema.org","@graph":[{"@type":"WebPage","@id":"https:\/\/politicasocial.vinaros.es\/es\/servicios\/atencion-primaria-basica\/promocion-de-la-autonomia\/sad-municipal\/","url":"https:\/\/politicasocial.vinaros.es\/es\/servicios\/atencion-primaria-basica\/promocion-de-la-autonomia\/sad-municipal\/","name":"SAD Municipal - Pol\u00edtica Social - Ajuntament de Vinar\u00f2s","isPartOf":{"@id":"https:\/\/politicasocial.vinaros.es\/es\/#website"},"datePublished":"2023-03-13T10:59:32+00:00","dateModified":"2023-03-16T15:19:05+00:00","breadcrumb":{"@id":"https:\/\/politicasocial.vinaros.es\/es\/servicios\/atencion-primaria-basica\/promocion-de-la-autonomia\/sad-municipal\/#breadcrumb"},"inLanguage":"es","potentialAction":[{"@type":"ReadAction","target":["https:\/\/politicasocial.vinaros.es\/es\/servicios\/atencion-primaria-basica\/promocion-de-la-autonomia\/sad-municipal\/"]}]},{"@type":"BreadcrumbList","@id":"https:\/\/politicasocial.vinaros.es\/es\/servicios\/atencion-primaria-basica\/promocion-de-la-autonomia\/sad-municipal\/#breadcrumb","itemListElement":[{"@type":"ListItem","position":1,"name":"Inicio","item":"https:\/\/politicasocial.vinaros.es\/es\/"},{"@type":"ListItem","position":2,"name":"Servicios","item":"https:\/\/politicasocial.vinaros.es\/es\/serveis\/"},{"@type":"ListItem","position":3,"name":"Atenci\u00f3n primaria b\u00e1sica","item":"https:\/\/politicasocial.vinaros.es\/es\/serveis\/atencio-primaria-basica\/"},{"@type":"ListItem","position":4,"name":"Promoci\u00f3n de la autonom\u00eda","item":"https:\/\/politicasocial.vinaros.es\/es\/serveis\/atencio-primaria-basica\/promocio-de-lautonomia\/"},{"@type":"ListItem","position":5,"name":"SAD Municipal"}]},{"@type":"WebSite","@id":"https:\/\/politicasocial.vinaros.es\/es\/#website","url":"https:\/\/politicasocial.vinaros.es\/es\/","name":"Pol\u00edtica Social - Ajuntament de Vinar\u00f2s","description":"Regidoria de Pol\u00edtica Social","potentialAction":[{"@type":"SearchAction","target":{"@type":"EntryPoint","urlTemplate":"https:\/\/politicasocial.vinaros.es\/es\/?s={search_term_string}"},"query-input":{"@type":"PropertyValueSpecification","valueRequired":true,"valueName":"search_term_string"}}],"inLanguage":"es"}]}},"_links":{"self":[{"href":"https:\/\/politicasocial.vinaros.es\/es\/wp-json\/wp\/v2\/pages\/1645","targetHints":{"allow":["GET"]}}],"collection":[{"href":"https:\/\/politicasocial.vinaros.es\/es\/wp-json\/wp\/v2\/pages"}],"about":[{"href":"https:\/\/politicasocial.vinaros.es\/es\/wp-json\/wp\/v2\/types\/page"}],"author":[{"embeddable":true,"href":"https:\/\/politicasocial.vinaros.es\/es\/wp-json\/wp\/v2\/users\/1"}],"replies":[{"embeddable":true,"href":"https:\/\/politicasocial.vinaros.es\/es\/wp-json\/wp\/v2\/comments?post=1645"}],"version-history":[{"count":1,"href":"https:\/\/politicasocial.vinaros.es\/es\/wp-json\/wp\/v2\/pages\/1645\/revisions"}],"predecessor-version":[{"id":1646,"href":"https:\/\/politicasocial.vinaros.es\/es\/wp-json\/wp\/v2\/pages\/1645\/revisions\/1646"}],"up":[{"embeddable":true,"href":"https:\/\/politicasocial.vinaros.es\/es\/wp-json\/wp\/v2\/pages\/498"}],"wp:attachment":[{"href":"https:\/\/politicasocial.vinaros.es\/es\/wp-json\/wp\/v2\/media?parent=1645"}],"curies":[{"name":"wp","href":"https:\/\/api.w.org\/{rel}","templated":true}]}}