{"id":493,"date":"2022-11-24T16:22:16","date_gmt":"2022-11-24T15:22:16","guid":{"rendered":"https:\/\/socials.vinaros.es\/servicios\/at-primaria-especifica-dependiente-de-conselleria\/centro-de-dia-lonada\/"},"modified":"2023-03-28T06:51:23","modified_gmt":"2023-03-28T04:51:23","slug":"centro-de-dia-lonada","status":"publish","type":"page","link":"https:\/\/politicasocial.vinaros.es\/es\/servicios\/at-primaria-especifica-dependiente-de-conselleria\/centro-de-dia-lonada\/","title":{"rendered":"Centro de d\u00eda l&#8217;Onada"},"content":{"rendered":"\n<p>El Centro de D\u00eda de Vinar\u00f2s est\u00e1 situado ante el Instituto de Ense\u00f1anza Secundaria Leopoldo Querol y muy pr\u00f3ximo al Hospital Comarcal del municipio. Est\u00e1 muy bien\/muy bien comunicado con el centro de la poblaci\u00f3n, con estaci\u00f3n de tren y parada de autob\u00fas pr\u00f3xima, as\u00ed como un gran n\u00famero de plazas de aparcamiento gratuitas en sus alrededores. <\/p>\n\n<p>El edificio fue inaugurado a finales de 2014 y es de nueva construcci\u00f3n con un aire moderno, decorado en tonos blancos, lleno de ventanales que dejan pasar la luz y el calor del sol del Mediterr\u00e1neo, y dise\u00f1ado para construir una residencia en un futuro pr\u00f3ximo. El centro fue dise\u00f1ado por el arquitecto Pep Salgar y es lo m\u00e1s grandes de los centros de d\u00eda de La Onada. <\/p>\n\n<p>Lo que m\u00e1s destaca de sus instalaciones es el gran jard\u00edn interior, aunque tambi\u00e9n cuenta con una amplia sala de actividades, sala de televisi\u00f3n, gimnasio, comedor, consulta m\u00e9dica, despachos y ba\u00f1os adaptados. El equipo humano que atiende a los usuarios son profesionales especializados a atender las necesidades de nuestros mayores y est\u00e1 formado por auxiliares de enfermer\u00eda, fisioterapeutas, psic\u00f3logos, educadores sociales, enfermeros, trabajadores sociales y un equipo de atenci\u00f3n indirecta. <\/p>\n\n<p>El Centro de D\u00eda dispone de 75 plazas, 50 de ellas p\u00fablicas, y cuenta con servicios de centro de d\u00eda.<\/p>\n\n<p><a href=\"https:\/\/www.lonada.com\/centres\/vinaros\">www.lonada.com\/centres\/vinaros<\/a><\/p>\n\n<figure class=\"wp-block-gallery has-nested-images columns-default is-cropped wp-block-gallery-1 is-layout-flex wp-block-gallery-is-layout-flex\">\n<figure class=\"wp-block-image size-large\"><img loading=\"lazy\" decoding=\"async\" width=\"1000\" height=\"663\" data-id=\"199\" src=\"https:\/\/politicasocial.vinaros.es\/wp-content\/uploads\/2022\/11\/e6cF-DSC_1266-copia.jpg\" alt=\"\" class=\"wp-image-199\" srcset=\"https:\/\/politicasocial.vinaros.es\/wp-content\/uploads\/2022\/11\/e6cF-DSC_1266-copia.jpg 1000w, https:\/\/politicasocial.vinaros.es\/wp-content\/uploads\/2022\/11\/e6cF-DSC_1266-copia-800x530.jpg 800w, https:\/\/politicasocial.vinaros.es\/wp-content\/uploads\/2022\/11\/e6cF-DSC_1266-copia-768x509.jpg 768w\" sizes=\"auto, (max-width: 1000px) 100vw, 1000px\" \/><\/figure>\n\n\n\n<figure class=\"wp-block-image size-large\"><img loading=\"lazy\" decoding=\"async\" width=\"1000\" height=\"663\" data-id=\"198\" src=\"https:\/\/politicasocial.vinaros.es\/wp-content\/uploads\/2022\/11\/lYqg-DSC_1264-copia.jpg\" alt=\"\" class=\"wp-image-198\" srcset=\"https:\/\/politicasocial.vinaros.es\/wp-content\/uploads\/2022\/11\/lYqg-DSC_1264-copia.jpg 1000w, https:\/\/politicasocial.vinaros.es\/wp-content\/uploads\/2022\/11\/lYqg-DSC_1264-copia-800x530.jpg 800w, https:\/\/politicasocial.vinaros.es\/wp-content\/uploads\/2022\/11\/lYqg-DSC_1264-copia-768x509.jpg 768w\" sizes=\"auto, (max-width: 1000px) 100vw, 1000px\" \/><\/figure>\n\n\n\n<figure class=\"wp-block-image size-large\"><img loading=\"lazy\" decoding=\"async\" width=\"1000\" height=\"663\" data-id=\"201\" src=\"https:\/\/politicasocial.vinaros.es\/wp-content\/uploads\/2022\/11\/CxAW-DSC_1221-copia.jpg\" alt=\"\" class=\"wp-image-201\" srcset=\"https:\/\/politicasocial.vinaros.es\/wp-content\/uploads\/2022\/11\/CxAW-DSC_1221-copia.jpg 1000w, https:\/\/politicasocial.vinaros.es\/wp-content\/uploads\/2022\/11\/CxAW-DSC_1221-copia-800x530.jpg 800w, https:\/\/politicasocial.vinaros.es\/wp-content\/uploads\/2022\/11\/CxAW-DSC_1221-copia-768x509.jpg 768w\" sizes=\"auto, (max-width: 1000px) 100vw, 1000px\" \/><\/figure>\n\n\n\n<figure class=\"wp-block-image size-large\"><img loading=\"lazy\" decoding=\"async\" width=\"1000\" height=\"663\" data-id=\"200\" src=\"https:\/\/politicasocial.vinaros.es\/wp-content\/uploads\/2022\/11\/F3ar-DSC_1225-copia.jpg\" alt=\"\" class=\"wp-image-200\" srcset=\"https:\/\/politicasocial.vinaros.es\/wp-content\/uploads\/2022\/11\/F3ar-DSC_1225-copia.jpg 1000w, https:\/\/politicasocial.vinaros.es\/wp-content\/uploads\/2022\/11\/F3ar-DSC_1225-copia-800x530.jpg 800w, https:\/\/politicasocial.vinaros.es\/wp-content\/uploads\/2022\/11\/F3ar-DSC_1225-copia-768x509.jpg 768w\" sizes=\"auto, (max-width: 1000px) 100vw, 1000px\" \/><\/figure>\n\n\n\n<figure class=\"wp-block-image size-large\"><img loading=\"lazy\" decoding=\"async\" width=\"1000\" height=\"663\" data-id=\"197\" src=\"https:\/\/politicasocial.vinaros.es\/wp-content\/uploads\/2022\/11\/blI-DSC_1227-copia.jpg\" alt=\"\" class=\"wp-image-197\" srcset=\"https:\/\/politicasocial.vinaros.es\/wp-content\/uploads\/2022\/11\/blI-DSC_1227-copia.jpg 1000w, https:\/\/politicasocial.vinaros.es\/wp-content\/uploads\/2022\/11\/blI-DSC_1227-copia-800x530.jpg 800w, https:\/\/politicasocial.vinaros.es\/wp-content\/uploads\/2022\/11\/blI-DSC_1227-copia-768x509.jpg 768w\" sizes=\"auto, (max-width: 1000px) 100vw, 1000px\" \/><\/figure>\n\n\n\n<figure class=\"wp-block-image size-large\"><img loading=\"lazy\" decoding=\"async\" width=\"1000\" height=\"663\" data-id=\"202\" src=\"https:\/\/politicasocial.vinaros.es\/wp-content\/uploads\/2022\/11\/XDP7-DSC_1230-copia.jpg\" alt=\"\" class=\"wp-image-202\" srcset=\"https:\/\/politicasocial.vinaros.es\/wp-content\/uploads\/2022\/11\/XDP7-DSC_1230-copia.jpg 1000w, https:\/\/politicasocial.vinaros.es\/wp-content\/uploads\/2022\/11\/XDP7-DSC_1230-copia-800x530.jpg 800w, https:\/\/politicasocial.vinaros.es\/wp-content\/uploads\/2022\/11\/XDP7-DSC_1230-copia-768x509.jpg 768w\" sizes=\"auto, (max-width: 1000px) 100vw, 1000px\" \/><\/figure>\n\n\n\n<figure class=\"wp-block-image size-large\"><img loading=\"lazy\" decoding=\"async\" width=\"1000\" height=\"663\" data-id=\"203\" src=\"https:\/\/politicasocial.vinaros.es\/wp-content\/uploads\/2022\/11\/wBEX-DSC_1233-copia.jpg\" alt=\"\" class=\"wp-image-203\" srcset=\"https:\/\/politicasocial.vinaros.es\/wp-content\/uploads\/2022\/11\/wBEX-DSC_1233-copia.jpg 1000w, https:\/\/politicasocial.vinaros.es\/wp-content\/uploads\/2022\/11\/wBEX-DSC_1233-copia-800x530.jpg 800w, https:\/\/politicasocial.vinaros.es\/wp-content\/uploads\/2022\/11\/wBEX-DSC_1233-copia-768x509.jpg 768w\" sizes=\"auto, (max-width: 1000px) 100vw, 1000px\" \/><\/figure>\n\n\n\n<figure class=\"wp-block-image size-large\"><img loading=\"lazy\" decoding=\"async\" width=\"1000\" height=\"663\" data-id=\"226\" src=\"https:\/\/politicasocial.vinaros.es\/wp-content\/uploads\/2022\/11\/S8n7-DSC_1234-copia.jpg\" alt=\"\" class=\"wp-image-226\" srcset=\"https:\/\/politicasocial.vinaros.es\/wp-content\/uploads\/2022\/11\/S8n7-DSC_1234-copia.jpg 1000w, https:\/\/politicasocial.vinaros.es\/wp-content\/uploads\/2022\/11\/S8n7-DSC_1234-copia-800x530.jpg 800w, https:\/\/politicasocial.vinaros.es\/wp-content\/uploads\/2022\/11\/S8n7-DSC_1234-copia-768x509.jpg 768w\" sizes=\"auto, (max-width: 1000px) 100vw, 1000px\" \/><\/figure>\n\n\n\n<figure class=\"wp-block-image size-large\"><img loading=\"lazy\" decoding=\"async\" width=\"1000\" height=\"663\" data-id=\"225\" src=\"https:\/\/politicasocial.vinaros.es\/wp-content\/uploads\/2022\/11\/KL2p-DSC_1238-copia.jpg\" alt=\"\" class=\"wp-image-225\" srcset=\"https:\/\/politicasocial.vinaros.es\/wp-content\/uploads\/2022\/11\/KL2p-DSC_1238-copia.jpg 1000w, https:\/\/politicasocial.vinaros.es\/wp-content\/uploads\/2022\/11\/KL2p-DSC_1238-copia-800x530.jpg 800w, https:\/\/politicasocial.vinaros.es\/wp-content\/uploads\/2022\/11\/KL2p-DSC_1238-copia-768x509.jpg 768w\" sizes=\"auto, (max-width: 1000px) 100vw, 1000px\" \/><\/figure>\n\n\n\n<figure class=\"wp-block-image size-large\"><img loading=\"lazy\" decoding=\"async\" width=\"1000\" height=\"663\" data-id=\"228\" src=\"https:\/\/politicasocial.vinaros.es\/wp-content\/uploads\/2022\/11\/cMsb-DSC_1240-copia.jpg\" alt=\"\" class=\"wp-image-228\" srcset=\"https:\/\/politicasocial.vinaros.es\/wp-content\/uploads\/2022\/11\/cMsb-DSC_1240-copia.jpg 1000w, https:\/\/politicasocial.vinaros.es\/wp-content\/uploads\/2022\/11\/cMsb-DSC_1240-copia-800x530.jpg 800w, https:\/\/politicasocial.vinaros.es\/wp-content\/uploads\/2022\/11\/cMsb-DSC_1240-copia-768x509.jpg 768w\" sizes=\"auto, (max-width: 1000px) 100vw, 1000px\" \/><\/figure>\n\n\n\n<figure class=\"wp-block-image size-large\"><img loading=\"lazy\" decoding=\"async\" width=\"1000\" height=\"663\" data-id=\"223\" src=\"https:\/\/politicasocial.vinaros.es\/wp-content\/uploads\/2022\/11\/1Qj5-DSC_1242-copia.jpg\" alt=\"\" class=\"wp-image-223\" srcset=\"https:\/\/politicasocial.vinaros.es\/wp-content\/uploads\/2022\/11\/1Qj5-DSC_1242-copia.jpg 1000w, https:\/\/politicasocial.vinaros.es\/wp-content\/uploads\/2022\/11\/1Qj5-DSC_1242-copia-800x530.jpg 800w, https:\/\/politicasocial.vinaros.es\/wp-content\/uploads\/2022\/11\/1Qj5-DSC_1242-copia-768x509.jpg 768w\" sizes=\"auto, (max-width: 1000px) 100vw, 1000px\" \/><\/figure>\n\n\n\n<figure class=\"wp-block-image size-large\"><img loading=\"lazy\" decoding=\"async\" width=\"1000\" height=\"663\" data-id=\"227\" src=\"https:\/\/politicasocial.vinaros.es\/wp-content\/uploads\/2022\/11\/LCvK-DSC_1244-copia.jpg\" alt=\"\" class=\"wp-image-227\" srcset=\"https:\/\/politicasocial.vinaros.es\/wp-content\/uploads\/2022\/11\/LCvK-DSC_1244-copia.jpg 1000w, https:\/\/politicasocial.vinaros.es\/wp-content\/uploads\/2022\/11\/LCvK-DSC_1244-copia-800x530.jpg 800w, https:\/\/politicasocial.vinaros.es\/wp-content\/uploads\/2022\/11\/LCvK-DSC_1244-copia-768x509.jpg 768w\" sizes=\"auto, (max-width: 1000px) 100vw, 1000px\" \/><\/figure>\n\n\n\n<figure class=\"wp-block-image size-large\"><img loading=\"lazy\" decoding=\"async\" width=\"463\" height=\"700\" data-id=\"224\" src=\"https:\/\/politicasocial.vinaros.es\/wp-content\/uploads\/2022\/11\/4hp7-DSC_1437_154-copia.jpg\" alt=\"\" class=\"wp-image-224\"\/><\/figure>\n\n\n\n<figure class=\"wp-block-image size-large\"><img loading=\"lazy\" decoding=\"async\" width=\"1000\" height=\"663\" data-id=\"229\" src=\"https:\/\/politicasocial.vinaros.es\/wp-content\/uploads\/2022\/11\/5Xf1-DSC_1251-copia.jpg\" alt=\"\" class=\"wp-image-229\" srcset=\"https:\/\/politicasocial.vinaros.es\/wp-content\/uploads\/2022\/11\/5Xf1-DSC_1251-copia.jpg 1000w, https:\/\/politicasocial.vinaros.es\/wp-content\/uploads\/2022\/11\/5Xf1-DSC_1251-copia-800x530.jpg 800w, https:\/\/politicasocial.vinaros.es\/wp-content\/uploads\/2022\/11\/5Xf1-DSC_1251-copia-768x509.jpg 768w\" sizes=\"auto, (max-width: 1000px) 100vw, 1000px\" \/><\/figure>\n<\/figure>\n","protected":false},"excerpt":{"rendered":"<p>El Centro de D\u00eda de Vinar\u00f2s est\u00e1 situado ante el Instituto de Ense\u00f1anza Secundaria Leopoldo Querol y muy pr\u00f3ximo al Hospital Comarcal del municipio. Est\u00e1 muy bien\/muy bien comunicado con el centro de la poblaci\u00f3n, con estaci\u00f3n de tren y parada de autob\u00fas pr\u00f3xima, as\u00ed como un gran n\u00famero de plazas de aparcamiento gratuitas en [&hellip;]<\/p>\n","protected":false},"author":2,"featured_media":0,"parent":490,"menu_order":0,"comment_status":"closed","ping_status":"closed","template":"","meta":{"_acf_changed":false,"inline_featured_image":false,"footnotes":""},"class_list":["post-493","page","type-page","status-publish","hentry"],"acf":[],"yoast_head":"<!-- This site is optimized with the Yoast SEO plugin v27.0 - https:\/\/yoast.com\/product\/yoast-seo-wordpress\/ -->\n<title>Centro de d\u00eda l&#039;Onada - Pol\u00edtica Social - Ajuntament de Vinar\u00f2s<\/title>\n<meta name=\"robots\" content=\"index, follow, max-snippet:-1, max-image-preview:large, max-video-preview:-1\" \/>\n<link rel=\"canonical\" href=\"https:\/\/politicasocial.vinaros.es\/es\/servicios\/at-primaria-especifica-dependiente-de-conselleria\/centro-de-dia-lonada\/\" \/>\n<meta property=\"og:locale\" content=\"es_ES\" \/>\n<meta property=\"og:type\" content=\"article\" \/>\n<meta property=\"og:title\" content=\"Centro de d\u00eda l&#039;Onada - Pol\u00edtica Social - Ajuntament de Vinar\u00f2s\" \/>\n<meta property=\"og:description\" content=\"El Centro de D\u00eda de Vinar\u00f2s est\u00e1 situado ante el Instituto de Ense\u00f1anza Secundaria Leopoldo Querol y muy pr\u00f3ximo al Hospital Comarcal del municipio. Est\u00e1 muy bien\/muy bien comunicado con el centro de la poblaci\u00f3n, con estaci\u00f3n de tren y parada de autob\u00fas pr\u00f3xima, as\u00ed como un gran n\u00famero de plazas de aparcamiento gratuitas en [&hellip;]\" \/>\n<meta property=\"og:url\" content=\"https:\/\/politicasocial.vinaros.es\/es\/servicios\/at-primaria-especifica-dependiente-de-conselleria\/centro-de-dia-lonada\/\" \/>\n<meta property=\"og:site_name\" content=\"Pol\u00edtica Social - Ajuntament de Vinar\u00f2s\" \/>\n<meta property=\"article:modified_time\" content=\"2023-03-28T04:51:23+00:00\" \/>\n<meta property=\"og:image\" content=\"https:\/\/politicasocial.vinaros.es\/wp-content\/uploads\/2022\/11\/e6cF-DSC_1266-copia.jpg\" \/>\n<meta name=\"twitter:card\" content=\"summary_large_image\" \/>\n<meta name=\"twitter:label1\" content=\"Tiempo de lectura\" \/>\n\t<meta name=\"twitter:data1\" content=\"1 minuto\" \/>\n<script type=\"application\/ld+json\" class=\"yoast-schema-graph\">{\"@context\":\"https:\/\/schema.org\",\"@graph\":[{\"@type\":\"WebPage\",\"@id\":\"https:\/\/politicasocial.vinaros.es\/es\/servicios\/at-primaria-especifica-dependiente-de-conselleria\/centro-de-dia-lonada\/\",\"url\":\"https:\/\/politicasocial.vinaros.es\/es\/servicios\/at-primaria-especifica-dependiente-de-conselleria\/centro-de-dia-lonada\/\",\"name\":\"Centro de d\u00eda l'Onada - Pol\u00edtica Social - Ajuntament de Vinar\u00f2s\",\"isPartOf\":{\"@id\":\"https:\/\/politicasocial.vinaros.es\/es\/#website\"},\"primaryImageOfPage\":{\"@id\":\"https:\/\/politicasocial.vinaros.es\/es\/servicios\/at-primaria-especifica-dependiente-de-conselleria\/centro-de-dia-lonada\/#primaryimage\"},\"image\":{\"@id\":\"https:\/\/politicasocial.vinaros.es\/es\/servicios\/at-primaria-especifica-dependiente-de-conselleria\/centro-de-dia-lonada\/#primaryimage\"},\"thumbnailUrl\":\"https:\/\/politicasocial.vinaros.es\/wp-content\/uploads\/2022\/11\/e6cF-DSC_1266-copia.jpg\",\"datePublished\":\"2022-11-24T15:22:16+00:00\",\"dateModified\":\"2023-03-28T04:51:23+00:00\",\"breadcrumb\":{\"@id\":\"https:\/\/politicasocial.vinaros.es\/es\/servicios\/at-primaria-especifica-dependiente-de-conselleria\/centro-de-dia-lonada\/#breadcrumb\"},\"inLanguage\":\"es\",\"potentialAction\":[{\"@type\":\"ReadAction\",\"target\":[\"https:\/\/politicasocial.vinaros.es\/es\/servicios\/at-primaria-especifica-dependiente-de-conselleria\/centro-de-dia-lonada\/\"]}]},{\"@type\":\"ImageObject\",\"inLanguage\":\"es\",\"@id\":\"https:\/\/politicasocial.vinaros.es\/es\/servicios\/at-primaria-especifica-dependiente-de-conselleria\/centro-de-dia-lonada\/#primaryimage\",\"url\":\"https:\/\/politicasocial.vinaros.es\/wp-content\/uploads\/2022\/11\/e6cF-DSC_1266-copia.jpg\",\"contentUrl\":\"https:\/\/politicasocial.vinaros.es\/wp-content\/uploads\/2022\/11\/e6cF-DSC_1266-copia.jpg\"},{\"@type\":\"BreadcrumbList\",\"@id\":\"https:\/\/politicasocial.vinaros.es\/es\/servicios\/at-primaria-especifica-dependiente-de-conselleria\/centro-de-dia-lonada\/#breadcrumb\",\"itemListElement\":[{\"@type\":\"ListItem\",\"position\":1,\"name\":\"Inicio\",\"item\":\"https:\/\/politicasocial.vinaros.es\/es\/\"},{\"@type\":\"ListItem\",\"position\":2,\"name\":\"Servicios\",\"item\":\"https:\/\/politicasocial.vinaros.es\/es\/serveis\/\"},{\"@type\":\"ListItem\",\"position\":3,\"name\":\"At. primaria espec\u00edfica dependiente de Conselleria\",\"item\":\"https:\/\/politicasocial.vinaros.es\/es\/serveis\/atencio-primaria-especifica-dependent-de-conselleria\/\"},{\"@type\":\"ListItem\",\"position\":4,\"name\":\"Centro de d\u00eda l&#8217;Onada\"}]},{\"@type\":\"WebSite\",\"@id\":\"https:\/\/politicasocial.vinaros.es\/es\/#website\",\"url\":\"https:\/\/politicasocial.vinaros.es\/es\/\",\"name\":\"Pol\u00edtica Social - Ajuntament de Vinar\u00f2s\",\"description\":\"Regidoria de Pol\u00edtica Social\",\"potentialAction\":[{\"@type\":\"SearchAction\",\"target\":{\"@type\":\"EntryPoint\",\"urlTemplate\":\"https:\/\/politicasocial.vinaros.es\/es\/?s={search_term_string}\"},\"query-input\":{\"@type\":\"PropertyValueSpecification\",\"valueRequired\":true,\"valueName\":\"search_term_string\"}}],\"inLanguage\":\"es\"}]}<\/script>\n<!-- \/ Yoast SEO plugin. -->","yoast_head_json":{"title":"Centro de d\u00eda l'Onada - Pol\u00edtica Social - Ajuntament de Vinar\u00f2s","robots":{"index":"index","follow":"follow","max-snippet":"max-snippet:-1","max-image-preview":"max-image-preview:large","max-video-preview":"max-video-preview:-1"},"canonical":"https:\/\/politicasocial.vinaros.es\/es\/servicios\/at-primaria-especifica-dependiente-de-conselleria\/centro-de-dia-lonada\/","og_locale":"es_ES","og_type":"article","og_title":"Centro de d\u00eda l'Onada - Pol\u00edtica Social - Ajuntament de Vinar\u00f2s","og_description":"El Centro de D\u00eda de Vinar\u00f2s est\u00e1 situado ante el Instituto de Ense\u00f1anza Secundaria Leopoldo Querol y muy pr\u00f3ximo al Hospital Comarcal del municipio. Est\u00e1 muy bien\/muy bien comunicado con el centro de la poblaci\u00f3n, con estaci\u00f3n de tren y parada de autob\u00fas pr\u00f3xima, as\u00ed como un gran n\u00famero de plazas de aparcamiento gratuitas en [&hellip;]","og_url":"https:\/\/politicasocial.vinaros.es\/es\/servicios\/at-primaria-especifica-dependiente-de-conselleria\/centro-de-dia-lonada\/","og_site_name":"Pol\u00edtica Social - Ajuntament de Vinar\u00f2s","article_modified_time":"2023-03-28T04:51:23+00:00","og_image":[{"url":"https:\/\/politicasocial.vinaros.es\/wp-content\/uploads\/2022\/11\/e6cF-DSC_1266-copia.jpg","type":"","width":"","height":""}],"twitter_card":"summary_large_image","twitter_misc":{"Tiempo de lectura":"1 minuto"},"schema":{"@context":"https:\/\/schema.org","@graph":[{"@type":"WebPage","@id":"https:\/\/politicasocial.vinaros.es\/es\/servicios\/at-primaria-especifica-dependiente-de-conselleria\/centro-de-dia-lonada\/","url":"https:\/\/politicasocial.vinaros.es\/es\/servicios\/at-primaria-especifica-dependiente-de-conselleria\/centro-de-dia-lonada\/","name":"Centro de d\u00eda l'Onada - Pol\u00edtica Social - Ajuntament de Vinar\u00f2s","isPartOf":{"@id":"https:\/\/politicasocial.vinaros.es\/es\/#website"},"primaryImageOfPage":{"@id":"https:\/\/politicasocial.vinaros.es\/es\/servicios\/at-primaria-especifica-dependiente-de-conselleria\/centro-de-dia-lonada\/#primaryimage"},"image":{"@id":"https:\/\/politicasocial.vinaros.es\/es\/servicios\/at-primaria-especifica-dependiente-de-conselleria\/centro-de-dia-lonada\/#primaryimage"},"thumbnailUrl":"https:\/\/politicasocial.vinaros.es\/wp-content\/uploads\/2022\/11\/e6cF-DSC_1266-copia.jpg","datePublished":"2022-11-24T15:22:16+00:00","dateModified":"2023-03-28T04:51:23+00:00","breadcrumb":{"@id":"https:\/\/politicasocial.vinaros.es\/es\/servicios\/at-primaria-especifica-dependiente-de-conselleria\/centro-de-dia-lonada\/#breadcrumb"},"inLanguage":"es","potentialAction":[{"@type":"ReadAction","target":["https:\/\/politicasocial.vinaros.es\/es\/servicios\/at-primaria-especifica-dependiente-de-conselleria\/centro-de-dia-lonada\/"]}]},{"@type":"ImageObject","inLanguage":"es","@id":"https:\/\/politicasocial.vinaros.es\/es\/servicios\/at-primaria-especifica-dependiente-de-conselleria\/centro-de-dia-lonada\/#primaryimage","url":"https:\/\/politicasocial.vinaros.es\/wp-content\/uploads\/2022\/11\/e6cF-DSC_1266-copia.jpg","contentUrl":"https:\/\/politicasocial.vinaros.es\/wp-content\/uploads\/2022\/11\/e6cF-DSC_1266-copia.jpg"},{"@type":"BreadcrumbList","@id":"https:\/\/politicasocial.vinaros.es\/es\/servicios\/at-primaria-especifica-dependiente-de-conselleria\/centro-de-dia-lonada\/#breadcrumb","itemListElement":[{"@type":"ListItem","position":1,"name":"Inicio","item":"https:\/\/politicasocial.vinaros.es\/es\/"},{"@type":"ListItem","position":2,"name":"Servicios","item":"https:\/\/politicasocial.vinaros.es\/es\/serveis\/"},{"@type":"ListItem","position":3,"name":"At. primaria espec\u00edfica dependiente de Conselleria","item":"https:\/\/politicasocial.vinaros.es\/es\/serveis\/atencio-primaria-especifica-dependent-de-conselleria\/"},{"@type":"ListItem","position":4,"name":"Centro de d\u00eda l&#8217;Onada"}]},{"@type":"WebSite","@id":"https:\/\/politicasocial.vinaros.es\/es\/#website","url":"https:\/\/politicasocial.vinaros.es\/es\/","name":"Pol\u00edtica Social - Ajuntament de Vinar\u00f2s","description":"Regidoria de Pol\u00edtica Social","potentialAction":[{"@type":"SearchAction","target":{"@type":"EntryPoint","urlTemplate":"https:\/\/politicasocial.vinaros.es\/es\/?s={search_term_string}"},"query-input":{"@type":"PropertyValueSpecification","valueRequired":true,"valueName":"search_term_string"}}],"inLanguage":"es"}]}},"_links":{"self":[{"href":"https:\/\/politicasocial.vinaros.es\/es\/wp-json\/wp\/v2\/pages\/493","targetHints":{"allow":["GET"]}}],"collection":[{"href":"https:\/\/politicasocial.vinaros.es\/es\/wp-json\/wp\/v2\/pages"}],"about":[{"href":"https:\/\/politicasocial.vinaros.es\/es\/wp-json\/wp\/v2\/types\/page"}],"author":[{"embeddable":true,"href":"https:\/\/politicasocial.vinaros.es\/es\/wp-json\/wp\/v2\/users\/2"}],"replies":[{"embeddable":true,"href":"https:\/\/politicasocial.vinaros.es\/es\/wp-json\/wp\/v2\/comments?post=493"}],"version-history":[{"count":6,"href":"https:\/\/politicasocial.vinaros.es\/es\/wp-json\/wp\/v2\/pages\/493\/revisions"}],"predecessor-version":[{"id":1914,"href":"https:\/\/politicasocial.vinaros.es\/es\/wp-json\/wp\/v2\/pages\/493\/revisions\/1914"}],"up":[{"embeddable":true,"href":"https:\/\/politicasocial.vinaros.es\/es\/wp-json\/wp\/v2\/pages\/490"}],"wp:attachment":[{"href":"https:\/\/politicasocial.vinaros.es\/es\/wp-json\/wp\/v2\/media?parent=493"}],"curies":[{"name":"wp","href":"https:\/\/api.w.org\/{rel}","templated":true}]}}